

{"id":220,"date":"2026-03-10T22:28:44","date_gmt":"2026-03-10T21:28:44","guid":{"rendered":"https:\/\/szephalom.plebania.hu\/?page_id=220"},"modified":"2026-03-10T22:28:44","modified_gmt":"2026-03-10T21:28:44","slug":"hivunk-kapcsolodj-be-a-plebania-eletebe","status":"publish","type":"page","link":"https:\/\/szephalom.plebania.hu\/index.php\/hivunk-kapcsolodj-be-a-plebania-eletebe\/","title":{"rendered":"H\u00edvunk, kapcsol\u00f3dj be a pl\u00e9b\u00e1nia \u00e9let\u00e9be!"},"content":{"rendered":"\n<p>EGY\u00dcTT, EGYM\u00c1S\u00c9RT<\/p>\n\n\n\n<p>H\u00edvunk, kapcsol\u00f3dj be a pl\u00e9b\u00e1nia \u00e9let\u00e9be!<\/p>\n\n\n\n<p>IMAK\u00d6R\u00d6K<\/p>\n\n\n\n<p>\u00c9desany\u00e1k Im\u00e1i<\/p>\n\n\n\n<p>Az \u00f6n\u00e1tad\u00e1s lelkis\u00e9g\u00e9nek \u00fatja<\/p>\n\n\n\n<p>Szeretettel v\u00e1rjuk a gyermekeik\u00e9rt im\u00e1dkozni v\u00e1gy\u00f3 \u00c9desany\u00e1kat, heti egyszer, szerda reggelenk\u00e9nt, \u00be 8- \u00be 9 -ig, a sz\u00e9phalmi templom hittanterm\u00e9ben. \u00d6sszej\u00f6veteleinken egyes\u00fcl\u00fcnk az im\u00e1ds\u00e1gban \u00e9s a kereszt l\u00e1b\u00e1n\u00e1l elhelyezett kos\u00e1rk\u00e1ba tessz\u00fck gyermekeink nev\u00e9t, \u00edgy b\u00edzva \u0151ket J\u00e9zus gondvisel\u00e9s\u00e9re. Im\u00e1ink sz\u00e1mos esetben meghallgat\u00e1st nyertek. Mivel minden alkalommal k\u00e9rj\u00fck a Szentlelket, hogy vezessen benn\u00fcnket, \u00edgy nincs k\u00e9t ugyanolyan \u00f6sszej\u00f6vetel! Gyertek \u00e9s tapasztalj\u00e1tok meg vel\u00fcnk az ima erej\u00e9t!<\/p>\n\n\n\n<p>\u00c9rdekl\u0151dni: L\u00e9vay Katin\u00e1l levaykatalin72@gmail.com<\/p>\n\n\n\n<p>Kaleta Rit\u00e1n\u00e1l kaleta.rita@gmail.com, +36\/20 988-0394<\/p>\n\n\n\n<p><\/p>\n\n\n\n<p>Szent Rita Imak\u00f6r<\/p>\n\n\n\n<p>Nem csak \u00c9desany\u00e1knak a lelkier\u0151\u00e9rt \u00e9s t\u00fcrelem\u00e9rt<\/p>\n\n\n\n<p>Szeretettel v\u00e1rjuk a k\u00f6z\u00f6ss\u00e9g\u00fcnk n\u0151i tagjait, fiatalokat \u00e9s id\u0151seket egyar\u00e1nt, minden h\u00f3nap 22-\u00e9j\u00e9n, 18-\u00f3r\u00e1t\u00f3l a sz\u00e9phalmi, vas\u00e1rnap eset\u00e9n az \u00f3falui templomban, hogy egy\u00fctt k\u00e9rj\u00fck Szent Rita hathat\u00f3s seg\u00edts\u00e9g\u00e9t \u00e9s k\u00f6zbenj\u00e1r\u00e1s\u00e1t ak\u00e1r lehetetlennek, megoldhatatlannak t\u0171n\u0151 \u00fcgyekben is! A szentmis\u00e9ben, J\u00e9zussal val\u00f3 tal\u00e1lkoz\u00e1s ut\u00e1n, elim\u00e1dkozzuk a Szent Rita lit\u00e1ni\u00e1t, majd k\u00f6tetlen besz\u00e9lget\u00e9s keret\u00e9ben meghallgatjuk egym\u00e1st. Az alkalmat k\u00f6z\u00f6s im\u00e1ds\u00e1ggal, Szent Rita kilenceddel z\u00e1rjuk, egy\u00fctt, egym\u00e1s\u00e9rt im\u00e1dkozva.<\/p>\n\n\n\n<p>\u00c9rdekl\u0151dni: Kaleta Rit\u00e1n\u00e1l kaleta.rita@gmail.com, +36\/20 988-0394<\/p>\n\n\n\n<p><\/p>\n\n\n\n<p>Sz\u00e9pkor\u00faak<\/p>\n\n\n\n<p>\u201eB\u00e1rmi f\u00e1j nekem mosolyog a szemem\u2026\u201d<\/p>\n\n\n\n<p>K\u00f6zel 10 \u00e9ve, hogy a Sz\u00e9pkor\u00faak tal\u00e1lkoznak id\u0151r\u0151l-id\u0151re a sz\u00e9phalmi templom hittanterm\u00e9ben. Ez nem egy szokv\u00e1nyos nyugd\u00edjas klub, hanem egy tal\u00e1lkoz\u00e1s, ahol a k\u00f6z\u00e9ppontban J\u00e9zus \u00e9s hit\u00fcnk meg\u00e9l\u00e9s\u00e9nek megoszt\u00e1sa \u00e1ll \u00e9s az Egyh\u00e1zk\u00f6z\u00f6ss\u00e9g \u00e9let\u00e9nek szerves r\u00e9szek\u00e9nt m\u0171k\u00f6dik. Az egy\u00fctt t\u00f6lt\u00f6tt k\u00e9t \u00f3ra der\u0171s, egym\u00e1sra figyel\u0151, im\u00e1ds\u00e1gos \u00e9s b\u00e1r az el\u0151rehaladott \u00e9letkor velej\u00e1r\u00f3ja a sok testi \u00e9s lelki k\u00fczdelem, a hangs\u00faly mindig a rem\u00e9nyen \u00e9s nem a panaszkod\u00e1son van. A Sz\u00e9pkor\u00faak csapata \u00f6r\u00f6mmel \u00e9s nyitotts\u00e1ggal v\u00e1rja az \u00faj jelentkez\u0151ket!<\/p>\n\n\n\n<p>\u00c9rdekl\u0151dni: Marosin\u00e9 V\u00e1radi Andrea +36\/30 4533 550<\/p>\n\n\n\n<p><\/p>\n\n\n\n<p>Szent J\u00f3zsef-est<\/p>\n\n\n\n<p>\u201e\u2026aki tudja, hogyan kell meghallgatni Isten hangj\u00e1t.\u201d (Ferenc p\u00e1pa)<\/p>\n\n\n\n<p>Szeretettel v\u00e1rjuk a k\u00f6z\u00f6ss\u00e9g\u00fcnkben \u00e9l\u0151 f\u00e9rfiakat, \u00e9desap\u00e1kat minden h\u00f3 19-\u00e9n, a sz\u00e9phalmi templom hittanterm\u00e9ben, hogy egy\u00fctt \u00e9lj\u00e9k meg f\u00e9rfi l\u00e9t\u00fck \u00f6r\u00f6meit, k\u00e9rd\u00e9seit, neh\u00e9zs\u00e9geit, csal\u00e1djukr\u00f3l val\u00f3 gondoskod\u00e1s feladatait, kih\u00edv\u00e1sait im\u00e1ban \u00e9s besz\u00e9lget\u00e9sben egyar\u00e1nt. A szentmis\u00e9ben, J\u00e9zussal val\u00f3 tal\u00e1lkoz\u00e1s ut\u00e1n, elim\u00e1dkozzuk a Szent J\u00f3zsef lit\u00e1ni\u00e1t, majd besz\u00e9lget\u00fcnk az \u00e9ppen benn\u00fcnk \u00e9l\u0151 k\u00e9rd\u00e9sekr\u0151l \u00e9s im\u00e1val z\u00e1rjuk a tal\u00e1lkoz\u00e1st.<\/p>\n\n\n\n<p>\u00c9rdekl\u0151dni: Iulian aty\u00e1n\u00e1l (+36\/30 268-4408) vagy a szentmis\u00e9k ut\u00e1n a sekresty\u00e9ben.<\/p>\n\n\n\n<p><\/p>\n\n\n\n<p>R\u00f3zsaf\u00fcz\u00e9r csoport<\/p>\n\n\n\n<p>\u201e\u2026nincs az a probl\u00e9ma, ak\u00e1r az evil\u00e1gi, ak\u00e1r a szellemi \u00e9letben, ak\u00e1r a priv\u00e1t-, a csal\u00e1di- vagy a k\u00f6z\u00f6ss\u00e9gi \u00e9letben, n\u00e9pek \u00e9s nemzetek sors\u00e1ban, amit a r\u00f3zsaf\u00fcz\u00e9rrel ne tudn\u00e1nk megoldani!\u201d (fatimai Lucia n\u0151v\u00e9r, 1957)<\/p>\n\n\n\n<p>L\u00e9gy r\u00e9szese csoportunknak, ahol a r\u00f3zsaf\u00fcz\u00e9r im\u00e1ds\u00e1g\u00e1nak szentelj\u00fck id\u0151nket, minden szombat este mise el\u0151tt a sz\u00e9phalmi templomban \u00e9s minden 11-es mise el\u0151tt az \u00f3falui templomban.<\/p>\n\n\n\n<p>\u00c9rdekl\u0151dni: Buzinkay N\u00f3r\u00e1n\u00e1l buzinkayn@gmail.com<\/p>\n\n\n\n<p>Koncz Kl\u00e1rin\u00e1l koncz.klari.ildiko@gmail.com, 06\/20 324-3678.<\/p>\n\n\n\n<p><\/p>\n\n\n\n<p>SZOLG\u00c1LATOK<\/p>\n\n\n\n<p>Zenei szolg\u00e1lat<\/p>\n\n\n\n<p>A zene mindanyiunkat seg\u00edt hit\u00fcnk elm\u00e9ly\u00edt\u00e9s\u00e9ben, felszabad\u00edt\u00f3 erej\u00e9nek meg\u00e9l\u00e9s\u00e9ben. Ha megkaptad a zene aj\u00e1nd\u00e9k\u00e1t \u00e9s a kitart\u00e1s\u00e9t, hogy \u00e1poljad, szeretettel v\u00e1runk zenei szolg\u00e1latra a mis\u00e9k ideje alatt.<\/p>\n\n\n\n<p>Jelentkezni: R\u00e1cz Andr\u00e1sn\u00e1l +36\/30 5210-916 &#8211; sz\u00e9phalmi mis\u00e9k<\/p>\n\n\n\n<p>Konczn\u00e9 Rit\u00e1n\u00e1l +36\/20 5920-348\u2013 \u00d3falu, orgon\u00e1s \u00e9s git\u00e1ros mis\u00e9k<\/p>\n\n\n\n<p>Bar\u00e1th \u00c9vin\u00e9l +36\/30 365-7735 \u2013 git\u00e1ros mis\u00e9k<\/p>\n\n\n\n<p><\/p>\n\n\n\n<p>Ministr\u00e1l\u00e1s<\/p>\n\n\n\n<p>Hit, felel\u0151ss\u00e9g \u00e9s bar\u00e1ts\u00e1g<\/p>\n\n\n\n<p>Tal\u00e1n m\u00e1r elj\u00e1tszott\u00e1l a gondolattal, hogy Te is seg\u00edtesz Iulian aty\u00e1nak a mis\u00e9k alatt \u00e9s ott \u00e1llsz vele \u00e9s a t\u00f6bbi ministr\u00e1nssal az olt\u00e1rn\u00e1l, csak m\u00e9g nem szedted \u00f6ssze a b\u00e1tors\u00e1god? Akkor gyere \u00e9s legy\u00e9l a csapatunk tagja! M\u00e1r els\u0151 oszt\u00e1lyt\u00f3l szeretettel v\u00e1runk! Megtanulhatod a ministr\u00e1l\u00e1s minden titk\u00e1t, a mozg\u00e1sok mik\u00e9ntj\u00e9t, a feladatok sorrendj\u00e9t \u00e9s vas\u00e1rnaponk\u00e9nt ott szolg\u00e1lhatsz vel\u00fcnk egy\u00fctt, Iulian atya mellett. A mi k\u00f6z\u00f6ss\u00e9g\u00fcnk nem csak a szolg\u00e1lat, de a bar\u00e1ts\u00e1g lehet\u0151s\u00e9g\u00e9t is k\u00edn\u00e1lja minden ministr\u00e1nsnak k\u00f6z\u00f6s szabadid\u0151s programokkal.<\/p>\n\n\n\n<p>Jelentkezni: Koncz Kl\u00e1rin\u00e1l koncz.klari.ildiko@gmail.com, +36\/20 324-3678<\/p>\n\n\n\n<p><\/p>\n\n\n\n<p>Agap\u00e9<\/p>\n\n\n\n<p>Szeretettel, szeretetben vend\u00e9gelj\u00fck meg egym\u00e1st!<\/p>\n\n\n\n<p>A sz\u00e9phalmi 9-es szentmise ut\u00e1n agap\u00e9val v\u00e1rjuk a kedves h\u00edveket. Ennek a szervez\u00e9s\u00e9ben, elk\u00e9sz\u00edt\u00e9s\u00e9ben v\u00e1rjuk a seg\u00edts\u00e9get.<\/p>\n\n\n\n<p>Jelentkezni: Kaleta Rit\u00e1n\u00e1l kaleta.rita@gmail.com, +36\/20 988-0394<\/p>\n\n\n\n<p><\/p>\n\n\n\n<p>Karit\u00e1sz csoport<\/p>\n\n\n\n<p>Egym\u00e1s\u00e9rt vagyunk!<\/p>\n\n\n\n<p>H\u00edvunk \u00e9s v\u00e1runk, hogy meg\u00e9ld vel\u00fcnk az \u00f6nzetlen felebar\u00e1ti szeretet gyakorl\u00e1s\u00e1nak felemel\u0151 \u00e9rz\u00e9s\u00e9t!<\/p>\n\n\n\n<p>\u00c9rdekl\u0151dni: Zaymusn\u00e9 Szanka Juditn\u00e1l szokaritasz@gmail.com +36\/20 263-5066<\/p>\n\n\n\n<p><\/p>\n","protected":false},"excerpt":{"rendered":"<p>EGY\u00dcTT, EGYM\u00c1S\u00c9RT H\u00edvunk, kapcsol\u00f3dj be a pl\u00e9b\u00e1nia \u00e9let\u00e9be! IMAK\u00d6R\u00d6K \u00c9desany\u00e1k Im\u00e1i Az \u00f6n\u00e1tad\u00e1s lelkis\u00e9g\u00e9nek \u00fatja Szeretettel v\u00e1rjuk a gyermekeik\u00e9rt im\u00e1dkozni [&hellip;]<\/p>\n","protected":false},"author":1,"featured_media":0,"parent":0,"menu_order":0,"comment_status":"closed","ping_status":"closed","template":"","meta":{"site-sidebar-layout":"default","site-content-layout":"","ast-site-content-layout":"default","site-content-style":"default","site-sidebar-style":"default","ast-global-header-display":"","ast-banner-title-visibility":"","ast-main-header-display":"","ast-hfb-above-header-display":"","ast-hfb-below-header-display":"","ast-hfb-mobile-header-display":"","site-post-title":"","ast-breadcrumbs-content":"","ast-featured-img":"","footer-sml-layout":"","ast-disable-related-posts":"","theme-transparent-header-meta":"","adv-header-id-meta":"","stick-header-meta":"","header-above-stick-meta":"","header-main-stick-meta":"","header-below-stick-meta":"","astra-migrate-meta-layouts":"default","ast-page-background-enabled":"default","ast-page-background-meta":{"desktop":{"background-color":"var(--ast-global-color-5)","background-image":"","background-repeat":"repeat","background-position":"center center","background-size":"auto","background-attachment":"scroll","background-type":"","background-media":"","overlay-type":"","overlay-color":"","overlay-opacity":"","overlay-gradient":""},"tablet":{"background-color":"","background-image":"","background-repeat":"repeat","background-position":"center center","background-size":"auto","background-attachment":"scroll","background-type":"","background-media":"","overlay-type":"","overlay-color":"","overlay-opacity":"","overlay-gradient":""},"mobile":{"background-color":"","background-image":"","background-repeat":"repeat","background-position":"center center","background-size":"auto","background-attachment":"scroll","background-type":"","background-media":"","overlay-type":"","overlay-color":"","overlay-opacity":"","overlay-gradient":""}},"ast-content-background-meta":{"desktop":{"background-color":"var(--ast-global-color-4)","background-image":"","background-repeat":"repeat","background-position":"center center","background-size":"auto","background-attachment":"scroll","background-type":"","background-media":"","overlay-type":"","overlay-color":"","overlay-opacity":"","overlay-gradient":""},"tablet":{"background-color":"var(--ast-global-color-4)","background-image":"","background-repeat":"repeat","background-position":"center center","background-size":"auto","background-attachment":"scroll","background-type":"","background-media":"","overlay-type":"","overlay-color":"","overlay-opacity":"","overlay-gradient":""},"mobile":{"background-color":"var(--ast-global-color-4)","background-image":"","background-repeat":"repeat","background-position":"center center","background-size":"auto","background-attachment":"scroll","background-type":"","background-media":"","overlay-type":"","overlay-color":"","overlay-opacity":"","overlay-gradient":""}},"footnotes":""},"class_list":["post-220","page","type-page","status-publish","hentry"],"_links":{"self":[{"href":"https:\/\/szephalom.plebania.hu\/index.php\/wp-json\/wp\/v2\/pages\/220","targetHints":{"allow":["GET"]}}],"collection":[{"href":"https:\/\/szephalom.plebania.hu\/index.php\/wp-json\/wp\/v2\/pages"}],"about":[{"href":"https:\/\/szephalom.plebania.hu\/index.php\/wp-json\/wp\/v2\/types\/page"}],"author":[{"embeddable":true,"href":"https:\/\/szephalom.plebania.hu\/index.php\/wp-json\/wp\/v2\/users\/1"}],"replies":[{"embeddable":true,"href":"https:\/\/szephalom.plebania.hu\/index.php\/wp-json\/wp\/v2\/comments?post=220"}],"version-history":[{"count":1,"href":"https:\/\/szephalom.plebania.hu\/index.php\/wp-json\/wp\/v2\/pages\/220\/revisions"}],"predecessor-version":[{"id":221,"href":"https:\/\/szephalom.plebania.hu\/index.php\/wp-json\/wp\/v2\/pages\/220\/revisions\/221"}],"wp:attachment":[{"href":"https:\/\/szephalom.plebania.hu\/index.php\/wp-json\/wp\/v2\/media?parent=220"}],"curies":[{"name":"wp","href":"https:\/\/api.w.org\/{rel}","templated":true}]}}